{"id":5251,"date":"2021-07-01T09:54:22","date_gmt":"2021-07-01T09:54:22","guid":{"rendered":"https:\/\/ucie.ific.uv.es\/ucie\/?post_type=tribe_events&#038;p=5251"},"modified":"2021-09-16T09:08:31","modified_gmt":"2021-09-16T09:08:31","slug":"webinar-innotransfer-enfermedades-cronicas-tendencias-desafios-id","status":"publish","type":"tribe_events","link":"https:\/\/ucie.ific.uv.es\/ucie\/evento\/webinar-innotransfer-enfermedades-cronicas-tendencias-desafios-id\/","title":{"rendered":"Webinar INNOTRANSFER &#8211; Enfermedades Cr\u00f3nicas: Tendencias, Desaf\u00edos I+D"},"content":{"rendered":"<p>El programa de innovaci\u00f3n abierta Innotransfer lanza en esta tercera edici\u00f3n de 2021 una serie de webinars espec\u00edficos sobre diversos \u00e1mbitos de desarrollo en el sector Salud. Estos encuentros t\u00e9cnicos pretenden dar visibilidad a las oportunidades de innovaci\u00f3n detectadas por el Parque Cient\u00edfico de la Universidad Miguel Hern\u00e1ndez en diferentes \u00e1reas del sector sanitario. Algunas de estas \u00e1reas son las enfermedades cr\u00f3nicas, la optimizaci\u00f3n de los procesos quir\u00fargicos y la prevenci\u00f3n de infecciones nosocomiales. Todas ellas est\u00e1n alineadas con las prioridades de la Agencia Valenciana de Innovaci\u00f3n (AVI).<\/p>\n<div class=\"elementor-column elementor-col-50 elementor-top-column elementor-element elementor-element-5f7d8a6\" data-id=\"5f7d8a6\" data-element_type=\"column\">\n<div class=\"elementor-widget-wrap elementor-element-populated\">\n<div class=\"elementor-element elementor-element-83af8e9 elementor-widget elementor-widget-text-editor\" data-id=\"83af8e9\" data-element_type=\"widget\" data-widget_type=\"text-editor.default\">\n<div class=\"elementor-widget-container\">\n<p>Concretamente, en este <em>webinar<\/em> se dar\u00e1n a conocer las principales tendencias en el \u00e1mbito de las enfermedades cr\u00f3nicas y se expondr\u00e1n las oportunidades de innovaci\u00f3n que ofrece este campo. Para ello, expertos del sector hablar\u00e1n sobre el panorama actual de las enfermedades cr\u00f3nicas y sobre aspectos relacionados como el reto sanitario que supone la atenci\u00f3n a pacientes cr\u00f3nicos tras la COVID-19.<\/p>\n<p>Para profundizar en este tema, se hablar\u00e1 sobre la diabetes como ejemplo de enfermedad cr\u00f3nica ya que es una de las m\u00e1s prevalentes del siglo XXI. As\u00ed, se expondr\u00e1 su creciente incidencia y su repercusi\u00f3n tanto sanitaria como financiera, y se pondr\u00e1 de manifiesto la necesidad de cambiar los modelos asistenciales y de introducir nuevas herramientas que permitan la adecuada monitorizaci\u00f3n y seguimiento de los pacientes.<\/p>\n<p>Adem\u00e1s, empresas y grupos de investigaci\u00f3n dar\u00e1n a conocer nuevos desarrollos innovadores dirigidos a implantar soluciones en el campo de las enfermedades cr\u00f3nicas. Tras estas intervenciones, los asistentes podr\u00e1n resolver posibles dudas con los ponentes o comentar aspectos relacionados con la tem\u00e1tica de la jornada.<\/p>\n<\/div>\n<\/div>\n<\/div>\n<\/div>\n","protected":false},"excerpt":{"rendered":"<p>El programa de innovaci\u00f3n abierta Innotransfer lanza en esta tercera edici\u00f3n de 2021 una serie de webinars espec\u00edficos sobre diversos \u00e1mbitos de desarrollo en el sector Salud. Estos encuentros t\u00e9cnicos [&hellip;]<\/p>\n","protected":false},"author":4,"featured_media":5253,"comment_status":"closed","ping_status":"closed","template":"","meta":{"_monsterinsights_skip_tracking":false,"_monsterinsights_sitenote_active":false,"_monsterinsights_sitenote_note":"","_monsterinsights_sitenote_category":0,"_tribe_events_status":"","_tribe_events_status_reason":""},"tags":[],"tribe_events_cat":[14],"acf":[],"_links":{"self":[{"href":"https:\/\/ucie.ific.uv.es\/ucie\/wp-json\/wp\/v2\/tribe_events\/5251"}],"collection":[{"href":"https:\/\/ucie.ific.uv.es\/ucie\/wp-json\/wp\/v2\/tribe_events"}],"about":[{"href":"https:\/\/ucie.ific.uv.es\/ucie\/wp-json\/wp\/v2\/types\/tribe_events"}],"author":[{"embeddable":true,"href":"https:\/\/ucie.ific.uv.es\/ucie\/wp-json\/wp\/v2\/users\/4"}],"replies":[{"embeddable":true,"href":"https:\/\/ucie.ific.uv.es\/ucie\/wp-json\/wp\/v2\/comments?post=5251"}],"version-history":[{"count":3,"href":"https:\/\/ucie.ific.uv.es\/ucie\/wp-json\/wp\/v2\/tribe_events\/5251\/revisions"}],"predecessor-version":[{"id":5650,"href":"https:\/\/ucie.ific.uv.es\/ucie\/wp-json\/wp\/v2\/tribe_events\/5251\/revisions\/5650"}],"wp:featuredmedia":[{"embeddable":true,"href":"https:\/\/ucie.ific.uv.es\/ucie\/wp-json\/wp\/v2\/media\/5253"}],"wp:attachment":[{"href":"https:\/\/ucie.ific.uv.es\/ucie\/wp-json\/wp\/v2\/media?parent=5251"}],"wp:term":[{"taxonomy":"post_tag","embeddable":true,"href":"https:\/\/ucie.ific.uv.es\/ucie\/wp-json\/wp\/v2\/tags?post=5251"},{"taxonomy":"tribe_events_cat","embeddable":true,"href":"https:\/\/ucie.ific.uv.es\/ucie\/wp-json\/wp\/v2\/tribe_events_cat?post=5251"}],"curies":[{"name":"wp","href":"https:\/\/api.w.org\/{rel}","templated":true}]}}